{"version":"1.0","provider_name":"Der Museumsblog","provider_url":"https:\/\/www.museum.de\/blog","author_name":"Redaktion","author_url":"https:\/\/www.museum.de\/blog\/author\/msupervisor\/","title":"Kulturhauptst\u00e4dte Europas 2020 \u2013 Rijeka (Kroatien) und Galway (Irland) - Der Museumsblog","type":"rich","width":600,"height":338,"html":"<blockquote class=\"wp-embedded-content\" data-secret=\"oCGD21SMTz\"><a href=\"https:\/\/www.museum.de\/blog\/kulturhauptstaedte-europas-2020-rijeka-kroatien-und-galway-irland\/\">Kulturhauptst\u00e4dte Europas 2020 \u2013 Rijeka (Kroatien) und Galway (Irland)<\/a><\/blockquote><iframe sandbox=\"allow-scripts\" security=\"restricted\" src=\"https:\/\/www.museum.de\/blog\/kulturhauptstaedte-europas-2020-rijeka-kroatien-und-galway-irland\/embed\/#?secret=oCGD21SMTz\" width=\"600\" height=\"338\" title=\"&#8222;Kulturhauptst\u00e4dte Europas 2020 \u2013 Rijeka (Kroatien) und Galway (Irland)&#8220; &#8211; Der Museumsblog\" data-secret=\"oCGD21SMTz\" frameborder=\"0\" marginwidth=\"0\" marginheight=\"0\" scrolling=\"no\" class=\"wp-embedded-content\"><\/iframe><script>\n\/*! This file is auto-generated *\/\n!function(d,l){\"use strict\";l.querySelector&&d.addEventListener&&\"undefined\"!=typeof URL&&(d.wp=d.wp||{},d.wp.receiveEmbedMessage||(d.wp.receiveEmbedMessage=function(e){var t=e.data;if((t||t.secret||t.message||t.value)&&!\/[^a-zA-Z0-9]\/.test(t.secret)){for(var s,r,n,a=l.querySelectorAll('iframe[data-secret=\"'+t.secret+'\"]'),o=l.querySelectorAll('blockquote[data-secret=\"'+t.secret+'\"]'),c=new RegExp(\"^https?:$\",\"i\"),i=0;i<o.length;i++)o[i].style.display=\"none\";for(i=0;i<a.length;i++)s=a[i],e.source===s.contentWindow&&(s.removeAttribute(\"style\"),\"height\"===t.message?(1e3<(r=parseInt(t.value,10))?r=1e3:~~r<200&&(r=200),s.height=r):\"link\"===t.message&&(r=new URL(s.getAttribute(\"src\")),n=new URL(t.value),c.test(n.protocol))&&n.host===r.host&&l.activeElement===s&&(d.top.location.href=t.value))}},d.addEventListener(\"message\",d.wp.receiveEmbedMessage,!1),l.addEventListener(\"DOMContentLoaded\",function(){for(var e,t,s=l.querySelectorAll(\"iframe.wp-embedded-content\"),r=0;r<s.length;r++)(t=(e=s[r]).getAttribute(\"data-secret\"))||(t=Math.random().toString(36).substring(2,12),e.src+=\"#?secret=\"+t,e.setAttribute(\"data-secret\",t)),e.contentWindow.postMessage({message:\"ready\",secret:t},\"*\")},!1)))}(window,document);\n\/\/# sourceURL=https:\/\/www.museum.de\/blog\/wp-includes\/js\/wp-embed.min.js\n<\/script>\n","thumbnail_url":"https:\/\/www.museum.de\/blog\/wp-content\/uploads\/2019\/11\/flag_yellow_high.jpg","thumbnail_width":1024,"thumbnail_height":683,"description":"Die Initiative \u201eKulturhauptst\u00e4dte Europas\u201c soll den Reichtum und die Vielfalt der Kulturen in Europa hervorheben. Die kulturellen Eigenarten und Sch\u00f6pfungen der L\u00e4nder werden durch diese Ma\u00dfnahme gef\u00f6rdert. Dadurch wird das Gemeinschaftsgef\u00fchlt in der EU gest\u00e4rkt und die kulturelle Entwicklung vorangetrieben."}